{"id":94,"date":"2018-01-16T09:54:03","date_gmt":"2018-01-16T09:54:03","guid":{"rendered":"http:\/\/ardopa.unex.es\/wordpress\/?page_id=94"},"modified":"2026-02-11T14:14:19","modified_gmt":"2026-02-11T13:14:19","slug":"agustin-vivas-moreno","status":"publish","type":"page","link":"http:\/\/ardopa.unex.es\/wordpress\/equipo\/agustin-vivas-moreno\/","title":{"rendered":"Agustin Vivas Moreno"},"content":{"rendered":"\t\t<div data-elementor-type=\"wp-post\" data-elementor-id=\"94\" class=\"elementor elementor-94\" data-elementor-settings=\"[]\">\n\t\t\t\t\t\t\t<div class=\"elementor-section-wrap\">\n\t\t\t\t\t\t\t<section class=\"elementor-section elementor-top-section elementor-element elementor-element-55752b0 elementor-section-boxed elementor-section-height-default elementor-section-height-default\" data-id=\"55752b0\" data-element_type=\"section\">\n\t\t\t\t\t\t<div class=\"elementor-container elementor-column-gap-default\">\n\t\t\t\t\t<div class=\"elementor-column elementor-col-50 elementor-top-column elementor-element elementor-element-76ebdfd\" data-id=\"76ebdfd\" data-element_type=\"column\">\n\t\t\t<div class=\"elementor-widget-wrap elementor-element-populated\">\n\t\t\t\t\t\t\t\t<div class=\"elementor-element elementor-element-ae205b8 elementor-widget elementor-widget-spacer\" data-id=\"ae205b8\" data-element_type=\"widget\" data-widget_type=\"spacer.default\">\n\t\t\t\t<div class=\"elementor-widget-container\">\n\t\t\t\t\t<div class=\"elementor-spacer\">\n\t\t\t<div class=\"elementor-spacer-inner\"><\/div>\n\t\t<\/div>\n\t\t\t\t<\/div>\n\t\t\t\t<\/div>\n\t\t\t\t<div class=\"elementor-element elementor-element-82c663b elementor-widget elementor-widget-heading\" data-id=\"82c663b\" data-element_type=\"widget\" data-widget_type=\"heading.default\">\n\t\t\t\t<div class=\"elementor-widget-container\">\n\t\t\t<h3 class=\"elementor-heading-title elementor-size-large\">AGUST\u00cdN VIVAS MORENO<\/h3>\t\t<\/div>\n\t\t\t\t<\/div>\n\t\t\t\t<div class=\"elementor-element elementor-element-eab4451 elementor-widget elementor-widget-heading\" data-id=\"eab4451\" data-element_type=\"widget\" data-widget_type=\"heading.default\">\n\t\t\t\t<div class=\"elementor-widget-container\">\n\t\t\t<h4 class=\"elementor-heading-title elementor-size-default\">Investigador Principal<\/h4>\t\t<\/div>\n\t\t\t\t<\/div>\n\t\t\t\t<div class=\"elementor-element elementor-element-1e593289 elementor-widget-divider--view-line elementor-widget elementor-widget-divider\" data-id=\"1e593289\" data-element_type=\"widget\" data-widget_type=\"divider.default\">\n\t\t\t\t<div class=\"elementor-widget-container\">\n\t\t\t\t\t<div class=\"elementor-divider\">\n\t\t\t<span class=\"elementor-divider-separator\">\n\t\t\t\t\t\t<\/span>\n\t\t<\/div>\n\t\t\t\t<\/div>\n\t\t\t\t<\/div>\n\t\t\t\t<div class=\"elementor-element elementor-element-fdb7912 elementor-tabs-view-horizontal elementor-widget elementor-widget-tabs\" data-id=\"fdb7912\" data-element_type=\"widget\" data-widget_type=\"tabs.default\">\n\t\t\t\t<div class=\"elementor-widget-container\">\n\t\t\t\t\t<div class=\"elementor-tabs\">\n\t\t\t<div class=\"elementor-tabs-wrapper\" role=\"tablist\" >\n\t\t\t\t\t\t\t\t\t<div id=\"elementor-tab-title-2661\" class=\"elementor-tab-title elementor-tab-desktop-title\" aria-selected=\"true\" data-tab=\"1\" role=\"tab\" tabindex=\"0\" aria-controls=\"elementor-tab-content-2661\">CV<\/div>\n\t\t\t\t\t\t\t\t\t<div id=\"elementor-tab-title-2662\" class=\"elementor-tab-title elementor-tab-desktop-title\" aria-selected=\"false\" data-tab=\"2\" role=\"tab\" tabindex=\"-1\" aria-controls=\"elementor-tab-content-2662\">Publicaciones<\/div>\n\t\t\t\t\t\t\t\t\t<div id=\"elementor-tab-title-2663\" class=\"elementor-tab-title elementor-tab-desktop-title\" aria-selected=\"false\" data-tab=\"3\" role=\"tab\" tabindex=\"-1\" aria-controls=\"elementor-tab-content-2663\">Conferencias y cursos<\/div>\n\t\t\t\t\t\t\t\t\t<div id=\"elementor-tab-title-2664\" class=\"elementor-tab-title elementor-tab-desktop-title\" aria-selected=\"false\" data-tab=\"4\" role=\"tab\" tabindex=\"-1\" aria-controls=\"elementor-tab-content-2664\">Premios<\/div>\n\t\t\t\t\t\t\t<\/div>\n\t\t\t<div class=\"elementor-tabs-content-wrapper\" role=\"tablist\" aria-orientation=\"vertical\">\n\t\t\t\t\t\t\t\t\t<div class=\"elementor-tab-title elementor-tab-mobile-title\" aria-selected=\"true\" data-tab=\"1\" role=\"tab\" tabindex=\"0\" aria-controls=\"elementor-tab-content-2661\">CV<\/div>\n\t\t\t\t\t<div id=\"elementor-tab-content-2661\" class=\"elementor-tab-content elementor-clearfix\" data-tab=\"1\" role=\"tabpanel\" aria-labelledby=\"elementor-tab-title-2661\" tabindex=\"0\" hidden=\"false\"><p style=\"text-align: left;\">Catedr\u00e1tico de Universidad en el \u00c1rea de Biblioteconom\u00eda y Documentaci\u00f3n en la Universidad de Extremadura.\u00a0<\/p><p style=\"text-align: left;\">Miembro titular de la Comisi\u00f3n de Archivo y Gesti\u00f3n documental del Archivo de la Universidad de Extremadura desde 2016.<\/p><p style=\"text-align: left;\">Miembro del comit\u00e9 organizador del Congreso Internacional Eduaction Madrid 2017.<\/p><p style=\"text-align: left;\">Presidente del Premio de Investigaci\u00f3n Bibliogr\u00e1fica Bartolom\u00e9 J. Gallardo desde 2013.<\/p><p style=\"text-align: left;\">Director y Coordinador del IV Encuentro RRULAC: Radios Universitarias en marcha: hacia la conformaci\u00f3n de una agenda contra medi\u00e1tica.<\/p><p style=\"text-align: left;\">Director de la Jornada sobre derechos de autor y acceso a la informaci\u00f3n en la era digital: experiencias en las universidades espa\u00f1oles y portuguesas.<\/p><p style=\"text-align: left;\">Director de las sesiones que tuvieron lugar en Extremadura en el XIV Seminario Hispano-mexicano de Investigaci\u00f3n en Biblioteconom\u00eda y Documentaci\u00f3n.<\/p><p style=\"text-align: left;\">Co-director del Primer Seminario Internacional Narrativas del paisaje.<\/p><p style=\"text-align: left;\">Revisor en revistas de impacto: \u201cProfesional de la Informaci\u00f3n\u201d; \u201cRevista de investigaci\u00f3n bibliotecon\u00f3mica. Universidad de M\u00e9xico\u201d;\u201dAnales de Documentaci\u00f3n. Universidad de Murcia\u201d; \u201cNorba. Revista de Historia.\u201d; \u201cRevista General de Informaci\u00f3n y Documentaci\u00f3n. Universidad Complutense de Madrid\u201d; \u201cScire\u201d; \u201cTiempos Modernos\u201d.<\/p><p style=\"text-align: left;\">ALGUNOS DATOS DEL \u00daLTIMO SEXENIO (2020-2025)- Autor o coautor de 19 libros de investigaci\u00f3n en editoriales Q1 o A1 como Trea, Gedisa,<br \/>McGraw, Tirant le Blanch, Fragua o Dikynson;- Autor o coautor de 19 cap\u00edtulos de libros en editoriales de prestigio: Universidad<br \/>Aut\u00f3noma de M\u00e9xico, Universidad Complutense, Fragua, Centro interuniversitario per<br \/>la storia de universitate de Bolonia, etc.<\/p><p style=\"text-align: left;\">&#8211; Autor o coautor de 31 art\u00edculos cient\u00edficos en revistas de impacto a pesar de las<br \/>limitaciones nuestra tem\u00e1tica: como Cauriensia (Q1), Investigaci\u00f3n Bibliotecon\u00f3mica<br \/>(Q2), Anales de Documenaci\u00f3n (Q2 y Q3), Boletim do Arquivo d Coimbra (Q3), etc.- Estancias de investigaci\u00f3n en las Universidad de Costa Rica, Mayor de San<br \/>Andr\u00e9s (Bolivia), Universidad Panamericana de M\u00e9xico, International Humbolt University<br \/>(EE.UU) o Complutense de Madrid.- Direcci\u00f3n de 6 tesis doctorales y 9 TFM y otros TFG;- IP de 14 Proyectos de investigaci\u00f3n competitivos nacionales o regionales;\u00e7- IP de 18 contratos de investigaci\u00f3n con organismos p\u00fablicos o empresas.- Impartici\u00f3n de 29 conferencias por invitaci\u00f3n;- 31 ponencias en Congresos, Jornadas y Seminarios de investigaci\u00f3n;- Director o co-organizador de 17 congresos, jornadas y seminarios de investigaci\u00f3n.<br \/>A pesar del dif\u00edcil acomodo que tienen las publicaciones sobre Historia de la Archiv\u00edstica,<br \/>Lectura e historia de la cultura escrita u organizaci\u00f3n de archivos hist\u00f3ricos, las<br \/>publicaciones se localizan en editoriales muy prestigiosas y revistas de impacto con un<br \/>importante n\u00famero de descargas.<\/p><p style=\"text-align: left;\">\u00a0<\/p><\/div>\n\t\t\t\t\t\t\t\t\t<div class=\"elementor-tab-title elementor-tab-mobile-title\" aria-selected=\"false\" data-tab=\"2\" role=\"tab\" tabindex=\"-1\" aria-controls=\"elementor-tab-content-2662\">Publicaciones<\/div>\n\t\t\t\t\t<div id=\"elementor-tab-content-2662\" class=\"elementor-tab-content elementor-clearfix\" data-tab=\"2\" role=\"tabpanel\" aria-labelledby=\"elementor-tab-title-2662\" tabindex=\"0\" hidden=\"hidden\"><p><strong>Libro:\u00a0<\/strong>Agust\u00edn Vivas Moreno; Federico Hern\u00e1ndez Pacheco; Alfonso L\u00f3pez Yepes; Manuel Bl\u00e1zquez Ochando. Obras selectas del Dr. Jos\u00e9 L\u00f3pez Yepes: padre de la Documentaci\u00f3n. 4 vols., pp. 1 &#8211; 2547. Ciudad de M\u00e9xico(M\u00e9xico): Tirant le Banch. 2025.<\/p><p><strong>Libro:\u00a0<\/strong>Agust\u00edn Vivas Moreno; Guadalupe P\u00e9rez Ortiz; Sonia L\u00f3pez Ortiz. Obras impresas del siglo XVII de la Biblioteca del Seminario San At\u00f3n de Badajoz. pp. 1 &#8211; 336. Madrid, Madrid, Comunidad de(Espa\u00f1a): Dyckinson, 2025.<\/p><p><strong>Libro:\u00a0<\/strong>Agust\u00edn Vivas Moreno. Estudios sobre patrimonio documental: perspectivas y representaciones. pp. 1 &#8211; 349. Madrid, Madrid, Comunidad de(Espa\u00f1a): Fragua, 2025.<\/p><p><strong>Libro:\u00a0<\/strong>Agust\u00edn Vivas Moreno; Guadalupe P\u00e9rez Ortiz; Sonia L\u00f3pez Ortiz. El fondo documental de la Orden de Alc\u00e1ntara en los Archivos Eclesi\u00e1sticos de M\u00e9rida-Badajoz: clasificaci\u00f3n y descripci\u00f3n. pp. 1 &#8211; 217. Madrid, Madrid, Comunidad de(Espa\u00f1a): McGraw Hill, 2025.<\/p><p><strong>Libro:\u00a0<\/strong>Carmen Solano Mac\u00edas; Agust\u00edn Vivas Moreno. La ense\u00f1anza femenina en Extremadura a finales del siglo XVIII a trav\u00e9s del interrogatorio de la Real Audiencia. 2, pp. 1 &#8211; 76+78. Badajoz, Extremadura(Espa\u00f1a): Uni\u00f3n de Bibli\u00f3filos Extreme\u00f1os (UBEX), 2024<\/p><p><strong>Libro:\u00a0<\/strong>Jes\u00fas Bl\u00e1zquez Ruiz; Agust\u00edn Vivas Moreno; Guadalupe P\u00e9rez Ortiz. El archivo de la catedral de Badajoz. Clasificaci\u00f3n y descripci\u00f3n del fondo capitular. pp. 1 &#8211; 324. Gij\u00f3n, Asturias, Principado de(Espa\u00f1a): Trea, 2024<\/p><p><strong>Libro:\u00a0<\/strong>Agust\u00edn Vivas Moreno; Guadalupe P\u00e9rez Ortiz; Roc\u00edo P\u00e9rez Ortiz. La secularizaci\u00f3n en Badajoz en los ss.XVI-XVIII a trav\u00e9s del fondo conventual diocesano. pp. 1 &#8211; 307. Madrid, Madrid, Comunidad de(Espa\u00f1a): McGraw Hill, 2023<\/p><p><strong>Libro:\u00a0<\/strong>Agust\u00edn Vivas Moreno; Francisco Gonz\u00e1lez Lozano; Guadalupe P\u00e9rez Ortiz. Manuales de Ense\u00f1anza en la Educaci\u00f3n de los Seminarios: el Plan de Estudios de 1852. El ejemplo del Seminario San At\u00f3n de Badajoz. pp. 1 &#8211; 451. Valencia, Comunitat Valenciana(Espa\u00f1a): Tirant to Blanch Humanidades, 2022<\/p><p><strong>Libro:\u00a0<\/strong>Antonio De la Cruz Solis; Agust\u00edn Vivas Moreno. La revista Vida Escolar (1958-1984). Una memoria de la biblioteca escolar en Espa\u00f1a. pp. 1 &#8211; 280. Gij\u00f3n, Asturias, Principado de(Espa\u00f1a): Trea, 2022<\/p><p><strong>Libro:\u00a0<\/strong>Jos\u00e9 L\u00f3pez Yepes; Agust\u00edn Vivas Moreno. La mujer en la conquista de la Am\u00e9rica hispana en el siglo XVI: Do\u00f1a Marina, la india Catalina e In\u00e9s Su\u00e1rez. Fuentes para su estudio. pp. 1 &#8211; 223. M\u00e9xico(M\u00e9xico): Universidad Panamericana, 2021<\/p><p><strong>Libro:\u00a0<\/strong>Agust\u00edn Vivas Moreno; Guadalupe P\u00e9rez Ortiz; Francisco Gonz\u00e1lez Lozano. Incunables y obras impresas del siglo XVI de la Biblioteca del Seminario San At\u00f3n de Badajoz. pp. 1 &#8211; 255. Gij\u00f3n, Asturias, Principado de(Espa\u00f1a): Trea, 2021<\/p><p><strong>Libro:\u00a0<\/strong>Macarena Parejo Cu\u00e9llar; Daniel Mart\u00edn Pena; Agust\u00edn Vivas Moreno. Comunicaci\u00f3n cient\u00edfica e inclusi\u00f3n social desde la Universidad. Una oportunidad responsable. pp. 1 &#8211; 176. Madrid, Madrid, Comunidad de(Espa\u00f1a): Fragua, 2021.\u00a0<\/p><p><strong>Libro: <\/strong>Jos\u00e9 Luis Valhondo Crego; Agust\u00edn Vivas Moreno. Alfabetizaci\u00f3n informacional para contenidos audiovisuales. Nuevos m\u00e9todos en tiempos l\u00edquidos. pp. 1 &#8211; 131. Madrid, Madrid, Comunidad de(Espa\u00f1a): Fragua, 2021<\/p><p><strong>Libro:<\/strong><em>\u00a0<\/em>Agust\u00edn Vivas Moreno; Jos\u00e9 Luis Valhondo Crego. Ensayo sobre la cultura visual contempor\u00e1nea. Intermedialidad y vida de las im\u00e1genes. pp. 1 &#8211; 214. Madrid, Madrid, Comunidad de(Espa\u00f1a): McGraw Hill, 2021<\/p><p><strong>Libro:\u00a0<\/strong>Jos\u00e9 Luis Valhondo Crego; Agust\u00edn Vivas Moreno. La construcci\u00f3n de personajes audiovisuales. Habilidades informativas. pp. 1 &#8211; 188. Barcelona, Catalu\u00f1a(Espa\u00f1a): Gedisa, 2020<strong>\u00a0<\/strong><\/p><p><strong>Libro:<\/strong><em> Patrimonio Documental y Bibliogr\u00e1fico del Seminario San At\u00f3n de Badajoz. <\/em>Badajoz: Diputaci\u00f3n Provincial, 2020<\/p><p><em><strong>Libro:<\/strong> La documentaci\u00f3n en materia de urbanismo y obras p\u00fablicas. El caso del archivo territorial de Badajoz. <\/em>Madrid: McGraw Hill, 2020<\/p><p><em><strong>Libro:<\/strong> Series documentales para el estudio de las C\u00e1tedras en las universidades hisp\u00e1nicas de los siglos XVI-XVIII: el modelo cl\u00e1sico de Salamanca. <\/em>Madrid: McGraw Hill, 2020<em>. <\/em><\/p><p><em><strong>Libro:<\/strong> La construcci\u00f3n de personajes audiovisuales. Habilidades informativas.<\/em> Barcelona: Gedisa, 2020.<\/p><p><em><strong>Libro:<\/strong> Fuentes documentales del seminario San At\u00f3n: Libro de Fundaci\u00f3n, Constituciones, Real C\u00e9dula y Provisi\u00f3n<\/em>. Badajoz: L\u00ednea4, 2019.<\/p><p><em><strong>Libro:<\/strong> La cultura escrita en Extremadura a finales del s. XVIII a trav\u00e9s del interrogatorio de la Real Audiencia. Gij\u00f3n: Trea, 2018. <\/em><\/p><p><em><strong>Libro:<\/strong>\u00a0El archivo del Seminario de San At\u00f3n de Badajoz: Historia y clasificaci\u00f3n de sus fondos documentales. <\/em>2017<\/p><p><strong>Libro:<\/strong>\u00a0<em>Ense\u00f1anza religiosa escolar: fundamentos y reflexiones.\u00a0<\/em>2017<\/p><p><strong>Libro:<\/strong>\u00a0<em>La cultura escrita en Extremadura a finales del S. XVIII a trav\u00e9s del interrogatorio de la Real Audiencia.\u00a0<\/em>2017<\/p><p><strong>Libro:<\/strong>\u00a0<em>Fuentes documentales y an\u00e1lisis hist\u00f3rico de la asignatura Religi\u00f3n cat\u00f3lica en la ense\u00f1anza media (1812-2017).<\/em>\u00a02017<\/p><p><strong>Libro:<\/strong>\u00a0<em>La divulgaci\u00f3n cient\u00edfica: Estructuras y pr\u00e1cticas en las universidades.\u00a0<\/em>2017<\/p><p><strong>\u00a0<\/strong><\/p><p><strong>Cap\u00edtulo de libro:\u00a0<\/strong>Jes\u00fas Bl\u00e1zquez Ruiz; Agust\u00edn Vivas Moreno; Guadalupe P\u00e9rez Ortiz. Aproximaci\u00f3n tipol\u00f3gica para los Archivos Eclesi\u00e1sticos. En Vivas Moreno, Agust\u00edn (Coord). Estudios sobre patrimonio documental. Perspectivas y representaciones. pp. 125 &#8211; 148. Madrid, Madrid, Comunidad de(Espa\u00f1a): Fragua, 2025.<\/p><p><strong>Cap\u00edtulo de libro:\u00a0<\/strong>Agust\u00edn Vivas Moreno; Carmen Solano Mac\u00edas. La cultura escrita en el Partido de Llerena a finales de la Edad Moderna seg\u00fan el Interrogatorio de la Real Audiencia de Extremadura. En pp. 47 &#8211; 66. Madrid, Madrid, Comunidad de(Espa\u00f1a): Fragua, 2025.<\/p><p><strong>Cap\u00edtulo de libro:\u00a0<\/strong>Jes\u00fas Bl\u00e1zquez Ruiz; Agust\u00edn Vivas Moreno; Guadalupe P\u00e9rez Ortiz. Aproximaci\u00f3n tipol\u00f3gica para los Archivos Eclesi\u00e1sticos. En Vivas Moreno, Agust\u00edn (Coord). Estudios sobre patrimonio documental. Perspectivas y representaciones. pp. 125 &#8211; 148.Madrid, Madrid, Comunidad de(Espa\u00f1a): Fragua, 2025\u00a0<\/p><p><strong>Cap\u00edtulo de libro:\u00a0<\/strong>Agust\u00edn Vivas Moreno. Series documentales para el estudio de las c\u00e1tedras en las Universidades Hisp\u00e1nicas de los ss.XVI-XVIII. En Vivas Moreno, Agust\u00edn (Coord). Estudios sobre patrimonio documental. Perspectivas y representaciones. pp. 13 &#8211; 46. Madrid, Madrid, Comunidad de(Espa\u00f1a): Fragua, 2025\u00a0<\/p><p><strong>Cap\u00edtulo de libro:\u00a0<\/strong>Guadalupe P\u00e9rez Ortiz; Agust\u00edn Vivas Moreno; Sonia L\u00f3pez Ortiz. Lecturas para seminaristas seg\u00fan el Plan de Estudios de 1852 (Lat\u00edn y Humanidades). En Vivas Moreno, Agust\u00edn (Coord). Estudios sobre patrimonio documental. Perspectivas y representaciones. pp. 95 &#8211; 124. Madrid, Madrid, Comunidad de(Espa\u00f1a): Fragua, 2025.\u00a0<\/p><p><strong>Cap\u00edtulo de libro:\u00a0<\/strong>Agust\u00edn Vivas Moreno. El profesor L\u00f3pez Yepes o la voluntad universitaria. En Torres Vargas, Georgina Araceli (Coord): Jos\u00e9 L\u00f3pez Yepes: su legado docente y de investigaci\u00f3n en M\u00e9xico y Espa\u00f1a. pp. 71 &#8211; 79. Ciudad de M\u00e9xico(M\u00e9xico): Instituto de Investigaciones Bibliotecol\u00f3gicas. Universidad Nacional Aut\u00f3noma de M\u00e9xico, 2024.<\/p><p><strong>Cap\u00edtulo de libro:\u00a0<\/strong>Agust\u00edn Agust\u00edn Vivas Moreno; Guadalupe P\u00e9rez Ortiz; Francisco Gonz\u00e1lez Lozano; Sonia L\u00f3pez Ortiz; Roc\u00edo P\u00e9rez Ortiz; Jes\u00fas Bl\u00e1zquez Ruiz. Identificaci\u00f3n y an\u00e1lisis de\u00a0 series documentales para el estudio de gobierno y poder en los fondos catedralicios. En Villase\u00f1or Rodr\u00edguez, Isabel y S\u00e1nchez D\u00edez, Alicia (Eds). Espacios creativos y respuestas a los retos actuales en Informaci\u00f3n y Documentaci\u00f3n. pp. 41 &#8211; 60. Madrid, Madrid, Comunidad de(Espa\u00f1a): Sind\u00e9resis, 2023.<\/p><p>.<strong>Cap\u00edtulo de libro:\u00a0<\/strong>Agust\u00edn Vivas Moreno; Guadalupe P\u00e9rez Ortiz; Francisco Gonz\u00e1lez Lozano; Sonia L\u00f3pez Ortiz; Roc\u00edo P\u00e9rez Ortiz; Jes\u00fas Bl\u00e1zquez Ruiz. Identificaci\u00f3n y an\u00e1lisis de series documentales para el estudio de la econom\u00eda de la Orden de Alc\u00e1ntara en los Archivos Eclesi\u00e1sticos del Arzobispado de M\u00e9rida-Badajoz. En Villase\u00f1or Rodr\u00edguez, Isabel y S\u00e1nchez D\u00edez, Alicia (Eds). Espacios creativos y respuestas a los retos actuales en Informaci\u00f3n y Documentaci\u00f3n. pp. 69 &#8211; 94. Madrid, Madrid, Comunidad de (Espa\u00f1a): Sind\u00e9resis, 2023. ISBN 978-84-19199-61-4<\/p><p><strong>Cap\u00edtulo de libro:\u00a0<\/strong>Agust\u00edn Vivas Moreno. Los documentos del hallazgo de las reliquias de Hern\u00e1n Cort\u00e9s. En Muro Castillo, Matilde (Coord): El secreto. Hallazgo de reliquias de Hern\u00e1n Cort\u00e9s. pp. 115 &#8211; 260. C\u00e1ceres, Extremadura(Espa\u00f1a): Uni\u00f3n de Bibli\u00f3filos Extreme\u00f1os, 2023.<\/p><p><strong>Cap\u00edtulo de libro:\u00a0<\/strong>Agust\u00edn Vivas Moreno; Marta Vivas Rodr\u00edguez. El devenir de la divulgaci\u00f3n cient\u00edfica hacia la educaci\u00f3n social: funciones y elementos. En Garc\u00eda Orozco, Javier; Paitenko, Tetiana; y Prieto, Manuel E.: Virtual environments and human development. pp. 93 &#8211; 104. Miami(Estados Unidos de Am\u00e9rica): Humboldt International University, 2022.<\/p><p><strong>Cap\u00edtulo de libro:\u00a0<\/strong>Agust\u00edn Vivas Moreno. Her\u00e1clito contra Dem\u00f3crito: la lectura como imagen del mundo en el Barroco. En Ram\u00edrez Leyva, Elsa Mar\u00eda (Coords): Los poderes de la lectura por placer. pp. 63 &#8211; 81. Ciudad de M\u00e9xico(M\u00e9xico): Instituto de Investigaciones Bibliotecol\u00f3gicas. Universidad Nacional Auton\u00f3mica de M\u00e9xico, 2022.\u00a0<\/p><p><strong>Cap\u00edtulo de libro:\u00a0<\/strong>Agust\u00edn Vivas Moreno. Series documentales para el estudio de las c\u00e1tedras en ls universidades hisp\u00e1nicas de los siglos XVI-XVIII: el modelo cl\u00e1sico de Salamanca. En Brizzi, Gian Paolo; Frova, Carla y Treggiari, Ferdinando: Fonti per la storia delle popolazioni academicha un Europe. pp. 155 &#8211; 180. Bolonia, Emilia-Romagna(Italia): Societ\u00e1 Editrice il Mulino, 2022.<\/p><p><strong>Cap\u00edtulo de libro:\u00a0<\/strong>Jos\u00e9 Luis Valhondo Crego; Agust\u00edn Vivas Moreno. G\u00e9nero f\u00edlmico y engagement con el personaje desde la perspectiva del paradigma 4E: Taxi driver como caso de estudio. En Segarra-Saavedra, Jes\u00fas; Herrero Guti\u00e9rrez, Javier e Hidalgo Mar\u00ed, Tatiana (Eds.). De la universidad a la sociedad. Transferencia del conocimiento en el \u00e1rea de comunicaci\u00f3n. pp. 258 &#8211; 271. Madrid, Madrid, Comunidad de(Espa\u00f1a): Dyckinson, 2021<\/p><p><strong>Cap\u00edtulo de libro:\u00a0<\/strong>Isabel Mar\u00eda Sanz Caballero; Agustin Vivas Moreno. Los proyectos de obra como documento de archivo. En Colmenero Ruiz, Mar\u00eda Jes\u00fas; Cuevas Cerver\u00f3, Aurora; S\u00e1nchez Cuadrado, Sonia y da Silva Fran\u00e7a, Fabiana (Coords). Memoria y organizaci\u00f3n de la informaci\u00f3n Cimiento de las Humanidades. pp. 29 &#8211; 37. Madrid, Madrid, Comunidad de(Espa\u00f1a): Universidad Complutense de Madrid, 2021<\/p><p><strong>Cap\u00edtulo de libro:\u00a0<\/strong>Jos\u00e9 Luis Valhondo Crego; Agust\u00edn Vivas Moreno; Jes\u00fas Bl\u00e1zquez Ruiz. Conducirse. La construcci\u00f3n del personaje f\u00edlmico a trav\u00e9s del caso de Drive. En Cabrera Collazo, Rafael L. (Ed). Rumbos atrevidos, pero necesarios: conversaciones entre innovaci\u00f3n, arte y creatividad. pp. 259 &#8211; 274. Madrid, Madrid, Comunidad de(Espa\u00f1a): Global Knowedge Academics. GKA Ed., 2020.<\/p><p><strong>Cap\u00edtulo de libro:\u00a0<\/strong>Jos\u00e9 Luis Valhondo Crego; Agust\u00edn Vivas Moreno; Jes\u00fas Bl\u00e1zquez Ruiz. Estetizaci\u00f3n de la Ciencia. C\u00f3mo funciona el storytelling de los mejores documentales sobre ciencia. En Cabrera Collazo, Rafael L. (Ed). Rumbos atrevidos, pero necesarios: conversaciones entre innovaci\u00f3n, arte y creatividad. pp. 119 &#8211; 128. Madrid, Comunidad de(Espa\u00f1a): Global Knowedge Academics GKA Ed., 2020.<\/p><p><strong>Cap\u00edtulo de libro:\u00a0<\/strong>Jos\u00e9 Francisco Gonz\u00e1lez Lozano; Guadalupe P\u00e9rez Ortiz; Agust\u00edn Vivas Moreno. La investigaci\u00f3n geneal\u00f3gica en archivos de seminarios. El ejemplo del Seminario San At\u00f3n y sus alumnos. Retos y tendencias de la investigaci\u00f3n Hispano-Mexicana en Ciencias de la Informaci\u00f3n y la Documentaci\u00f3n. pp. 126 &#8211; 143. Madrid, Madrid, Comunidad de(Espa\u00f1a): Universidad Complutense de Madrid, 2020.<\/p><p><strong>Cap\u00edtulo de libro:\u00a0<\/strong>Jos\u00e9 Agust\u00edn Vivas Moreno; Victoria Nu\u00f1o Moral; Pen\u00e9lope Rubiano Monta\u00f1o. Los recursos documentales fotogr\u00e1ficos en Extremadura. Retos y tendencias de la investigaci\u00f3n Hispano-Mexicana en Ciencias de la Informaci\u00f3n y la Documentaci\u00f3n. pp. 144 &#8211; 160. Madrid, Madrid, Comunidad de(Espa\u00f1a): Universidad Complutense de Madrid, 2020.<\/p><p><strong>Cap\u00edtulo de libro:\u00a0<\/strong>Jos\u00e9 Agust\u00edn Vivas Moreno; Jos\u00e9 Luis Valhondo Crego. Populismo medi\u00e1tico y s\u00e1tira pol\u00edtica: una perspectiva hist\u00f3rica de la apelaci\u00f3n al \u00abpueblo\u00bb. En Rodr\u00edguez Breijo, Vanessa; Trenta Milena; Toledano Buend\u00eda, Samuel; Hern\u00e1ndez,; Adv\u00e8vol Abreu, Alberto; \u00c1lvarez Nobell, Alejandro; Morales, Lucas; Hidalgo-Mar\u00ed, Tatiana; Barrientos B\u00e1ez, Almudena (Eds). Las nuevas narrativas, en el entorno social. La Laguna, Canarias(Espa\u00f1a): Sociedad Latina de Comunicaci\u00f3n Social, 2020.<\/p><p><strong>Cap\u00edtulo de libro:\u00a0<\/strong>Jos\u00e9 Luis Valhondo Crego; Agust\u00edn Vivas Moreno; Jes\u00fas Bl\u00e1zquez Ruiz. Teor\u00eda de la mente y estilos cinematogr\u00e1ficos. Comparaci\u00f3n del storytelling Cl\u00e1sico y Moderno. En Cabrera Collazo, Rafael L. (Ed). Rumbos atrevidos, pero necesarios: conversaciones entre innovaci\u00f3n, arte y creatividad. pp. 105 &#8211; 117. Madrid, Madrid, Comunidad de(Espa\u00f1a): Global Knowedge Academics GKA Ed, 2020.<\/p><p><strong>Cap\u00edtulo de libro:<\/strong> \u00abMedia populism and political satire: a historical perspective of the appeal to the \u201cpeople\u201d. Las nuevas narrativas, en el entorno social. La Laguna: Universidad de La Laguna, 2020<\/p><p style=\"text-align: left;\"><strong>Cap\u00edtulo de libro:<\/strong> \u00abIntroducci\u00f3n. La funci\u00f3n social de las Universidades y el acceso a los contenidos digitales en Espa\u00f1a\u201d En: <em>La funci\u00f3n social de las Universidades y el acceso a los contenidos digitales en Espa\u00f1a<\/em>. Ciudad de M\u00e9xico\/Madrid: UBIJUS \/REUS, 2019<\/p><p style=\"text-align: left;\"><strong>Cap\u00edtulo de libro:<\/strong> \u00abEl podscasting como herramienta para el fomento de la lectura\u201d. En: Conocimientos sin fronteras: colaboraci\u00f3n cient\u00edfica e institucional en Documentaci\u00f3n e Informaci\u00f3n. Madrid: Universidad Complutense de Madrid, 2018<\/p><p style=\"text-align: left;\"><strong>Cap\u00edtulo de libro:<\/strong> \u00abLa cultura escrita en Campanario a finales del s. XVIII seg\u00fan el Interrogatorio de la Real Audiencia de Extremadura\u201d. En: Conocimientos sin fronteras: colaboraci\u00f3n cient\u00edfica e institucional en Documentaci\u00f3n e Informaci\u00f3n. Madrid: Universidad Complutense de Madrid, 2018<\/p><p style=\"text-align: left;\"><strong>Cap\u00edtulo de libro:<\/strong> \u201cLecturas formativas de seminaristas: fuentes en el Archivo del Seminario san At\u00f3n de Badajoz\u201d. En: <em>Conocimientos sin fronteras: colaboraci\u00f3n cient\u00edfica e institucional en Documentaci\u00f3n e Informaci\u00f3n.<\/em> Madrid: Universidad Complutense de Madrid, 2018<\/p><p style=\"text-align: left;\"><strong>Cap\u00edtulo de libro:<\/strong> \u00abEl orden de los libros. El ejemplo de la biblioteca de los dominicos de Salamanca en el Antiguo R\u00e9gimen\u201d<em>. En: La ense\u00f1anza de la lectura en la Universidad.<\/em> Ciudad de M\u00e9xico: UNAM, Instituto de Investigaciones Bibliotecol\u00f3gicas y de la Informaci\u00f3n, 2017<\/p><p style=\"text-align: left;\"><strong>Cap\u00edtulo de libro:<\/strong> \u00abBibliotecas institucionales y particulares extreme\u00f1as\u00bb. En: <em>25 a\u00f1os de Patrimonio Bibliogr\u00e1fico Extreme\u00f1o.<\/em> Badajoz: Junta de Extremadura, 2017<\/p><p style=\"text-align: left;\"><strong>Cap\u00edtulo de libro:<\/strong> De la `Ciudad de Dios del libro\u00b4 a tel\u00e9polis. Tres tiempos en el contexto. En: R\u00cdOS ORTEGA, J. y RAM\u00cdREZ VELAZQUEZ, C.A. <em>Uso \u00e9tico de la informaci\u00f3n: implicaciones y desaf\u00edos.<\/em>\u00a02017<\/p><p style=\"text-align: left;\">.<\/p><p style=\"text-align: left;\"><strong>Art\u00edculo: <\/strong>Francisco Gonz\u00e1lez Lozano; Guadalupe P\u00e9rez Ortiz; Agust\u00edn Vivas Moreno; Roc\u00edo P\u00e9rez Ortiz. Manuales teol\u00f3gicos seg\u00fan el Plan educativo de 1852. Cauriensia. C\u00e1ceres, Extremadura(Espa\u00f1a): Seminario Diocesano de Coria (C\u00e1ceres). Instituto Teol\u00f3gico. Facultad de Teoolog\u00eda de San Isidoro de Sevilla, 2025<\/p><p style=\"text-align: left;\"><strong>Art\u00edculo:\u00a0<\/strong>Guadalupe P\u00e9rez Ortiz; Agust\u00edn Vivas Moreno; Sonia L\u00f3pez Ortiz. Las visitas pastorales en los Archivos Eclesi\u00e1sticos, fuentes para la investigaci\u00f3n hist\u00f3rica: el ejemplo de los Archivos Eclesi\u00e1sticos de M\u00e9rida-Badajoz. Boletim do Arquivo do Coimbra. 38 &#8211; 2, pp. 205 &#8211; 237. Coimbra(Portugal): Universidad de Coimbra, 2025.<\/p><p style=\"text-align: left;\"><strong>Art\u00edculo:\u00a0<\/strong>Agust\u00edn Vivas Moreno;\u00a0Antonio De La Cruz Sol\u00eds. La radio educativa en la revista Vida Escolar. Historia de la educaci\u00f3n. 44, Salamanca, Castilla y Le\u00f3n(Espa\u00f1a): Universidad de Salamanca, 2025.<\/p><p style=\"text-align: left;\"><strong>Art\u00edculo:\u00a0<\/strong>Guadalupe P\u00e9rez Ortiz; Agust\u00edn Vivas Moreno; Sonia L\u00f3pez Ortiz. La presencia religiosa en los centros educativos extreme\u00f1os a trav\u00e9s de la documentaci\u00f3n diocesana durante la primera d\u00e9fcada delConcilio Vaticano II (1962-1972. Brocar: Cuadernos de la investigaci\u00f3n hist\u00f3rica. 49, pp. 325 &#8211; 359. Logro\u00f1o, Rioja, La(Espa\u00f1a): Unioversidad de La Rioja, 2025.<\/p><p style=\"text-align: left;\"><strong>Art\u00edculo:\u00a0<\/strong>Guadalupe P\u00e9rez Ortiz; Agust\u00edn Vivas Moreno; Sonia L\u00f3pez Ortiz. Identificaci\u00f3n de fuentes hist\u00f3rico-estad\u00edsticas en archivos eclesi\u00e1sticos: el ejemplo de la documentaci\u00f3n eclesi\u00e1stica de M\u00e9rida-Badajoz (siglos XVIII-XX). Ibersid. 19 &#8211; 1, pp. 123 &#8211; 136. Zaragoza, Arag\u00f3n(Espa\u00f1a): Universidad de Zaragoza, 2025.<\/p><div><strong>Art\u00edculo:\u00a0<\/strong>Guadalupe P\u00e9rez Ortiz; Agust\u00edn Vivas Moreno; Sonia L\u00f3pez Ortiz. El cine parroquial en Badajoz desde la documentaci\u00f3n de los archivos eclesi\u00e1sticos: el cine Autopista. Documentaci\u00f3n de las Ciencias de la Informaci\u00f3n. 48, pp. 77 &#8211; 91. Madrid, Madrid, Comunidad de(Espa\u00f1a): Universidad Complutense de Madrid, 2025<\/div><p><strong>Art\u00edculo:\u00a0<\/strong>Dagmar Herrera Barreda; C\u00e9sar Sandoya Valdiviezo; Agust\u00edn Vivas Moreno. Bases de una radio local para el desarrollo social: Una propuesta desde experiencias latinoamericanas. Question\/Cuesti\u00f3n Periodismo\/Comunicaci\u00f3n. 3 &#8211; 79, pp. 1 &#8211; 22. Buenos Aires(Argentina): Universidad Nacional de la Plata, 2024<\/p><p><strong>Art\u00edculo:\u00a0<\/strong>Guadalupe P\u00e9rez Ortiz; Agust\u00edn Vivas Moreno; Sonia L\u00f3pez Ortiz. Demograf\u00eda en los Archivos Eclesi\u00e1sticos de M\u00e9rida-Badajoz: identificaci\u00f3n de series para la investigaci\u00f3n hist\u00f3rica. Ibersid. 18 &#8211; 1, pp. 89 &#8211; 100. Zaragoza, Arag\u00f3n(Espa\u00f1a): 2024.<\/p><p><strong>Art\u00edculo:\u00a0<\/strong>Dagmar Herrera Barreda; Agust\u00edn Vivas Moreno. El proyecto \u00abNarrar mi Ciudad\u00bb como ejemplo de intervenci\u00f3n para la educaci\u00f3n patrimonial: importancia de la documentaci\u00f3n en la sistematizaci\u00f3n de experiencias. Ibersid. 18 &#8211; 1, pp. 101 &#8211; 110. Zaragoza, Arag\u00f3n(Espa\u00f1a): Universidad de Zaragoza, 2024.<\/p><p style=\"text-align: left;\"><strong>Art\u00edculo:\u00a0<\/strong>Agust\u00edn Vivas Moreno; Samantha Flores Jaramillo; Eduardo Carcaboso Garc\u00eda. An\u00e1lisis de la representaci\u00f3n de la mujer a trav\u00e9s del cartel en Extremadura (Espa\u00f1a): 1984-2021. Revista Transinforma\u00e7ao. 36, 2024. ISSN 2318-0889<\/p><p style=\"text-align: left;\"><strong>Art\u00edculo:\u00a0<\/strong>Agust\u00edn Vivas Moreno; Carmen Solano Mac\u00edas. Trayectoria y an\u00e1lisis del concepto de cultura escrita. Investigaci\u00f3n bibliotecol\u00f3gica: Archivonom\u00eda, bibliotecolog\u00eda e informaci\u00f3n. 37 &#8211; 96, pp. 13 &#8211; 26. Ciudad de M\u00e9xico(M\u00e9xico): Universidad Nacional Aut\u00f3noma de M\u00e9xico, 2023. Disponible en Internet en: http:\/\/rev-ib.unam.mx\/ib\/index.php\/ib\/article\/view\/58754. ISSN 0187-358X<\/p><p style=\"text-align: left;\"><strong>Art\u00edculo:\u00a0<\/strong>Agust\u00edn Vivas Moreno; Sonia L\u00f3pez Ortiz; Guadalupe P\u00e9rez Ortiz. An\u00e1lisis documental de los beneficios a curato en los Archivos Eclesi\u00e1sticos del Arzobispado de M\u00e9rida-Badajoz. Ibersid: Revista de Sistemas de Informaci\u00f3n y Documentaci\u00f3n. 17 &#8211; 2, pp. 21 &#8211; 29. Zaragoza, Arag\u00f3n(Espa\u00f1a): Universidad de Zaragoza, 2023.<\/p><p style=\"text-align: left;\"><strong>Art\u00edculo:\u00a0<\/strong>Sonia L\u00f3pez Ortiz; Guadalupe P\u00e9rez Ortiz; Agust\u00edn Vivas Moreno. El martirio en la documentaci\u00f3n del Archivo Diocesano de Badajoz: identificaci\u00f3n y an\u00e1lisis de la documentaci\u00f3n. Anales de Documentaci\u00f3n. 26, pp. 1 &#8211; 20. Murcia, Murcia, Regi\u00f3n de(Espa\u00f1a): Universidad de Murcia, 2023.<\/p><p style=\"text-align: left;\"><strong>Art\u00edculo:\u00a0<\/strong>Agust\u00edn Vivas Moreno; Jos\u00e9 Luis Valhondo Crego. Lectoescritura de personajes de ficci\u00f3n audiovisuales: propuestate\u00f3rica a partir de tres casos. Revista de Comunicaci\u00f3n de la SEECI. 56, pp. 176 &#8211; 193. Madrid, Madrid, Comunidad de (Espa\u00f1a): Sociedad Espa\u00f1ola de Estudios de la Comunicaci\u00f3n Iberoamericana, 2023.<\/p><p style=\"text-align: left;\"><strong>Art\u00edculo:\u00a0<\/strong>Agust\u00edn Vivas Moreno; Carmen Solano Mac\u00edas; Agust\u00edn Vivas Moreno. The municipals archives in Extremadura at the end of the 18th century through the Royal Court. Boletim do Arquivo da Universidade de Coimbra. 36 &#8211; 1, pp. 13 &#8211; 57. Coimbra(Portugal): Universidad de Coimbra, 2023.<\/p><p style=\"text-align: left;\"><strong>Art\u00edculo:\u00a0<\/strong>Guadalupe P\u00e9rez Ortiz; Francisco Gonz\u00e1lez Lozano; Agust\u00edn Vivas Moreno. Aproximaci\u00f3n al estudio de los manuales escolares de seminario conciliares seg\u00fan el plan de estudios de 1852: relevncia para la historia de la educaci\u00f3n. Anales de Documentaci\u00f3n. 25, pp. 67 &#8211; 82. Murcia, Murcia, Regi\u00f3n de(Espa\u00f1a): Universidad de Murcia, 2022.<\/p><p style=\"text-align: left;\"><strong>\u00a0Art\u00edculo:\u00a0<\/strong>Guadalupe P\u00e9rez Ortiz; Francisco Gonz\u00e1lez Lozano; Agust\u00edn Vivas Moreno. Identificaci\u00f3n de series documentales para los estudios econ\u00f3micos de archivos eclesi\u00e1sticos. Revista Boliviana Ciencias de laInformaci\u00f3n. 4, pp. 93 &#8211; 124. La Paz(Bolivia): Universidad Mayor de San Andr\u00e9s de Bolivia, 2022.<br \/>Disponible en Internet en: . ISSN 2519-9536<\/p><p style=\"text-align: left;\"><strong>Art\u00edculo:\u00a0<\/strong>Sonia L\u00f3pez Ortiz; Guadalupe P\u00e9rez Ortiz; Agust\u00edn Vivas Moreno; Francisco Gonz\u00e1lez Lozano; Jes\u00fas Bl\u00e1zquez Ruiz; Roc\u00edo P\u00e9rez Ortiz. Identificaci\u00f3n y an\u00e1lisis de series documentales para el estudio del Gobierno de la Orden de Alc\u00e1ntara a trav\u00e9s de la documentaci\u00f3n custodiada en los Archivos Eclesi\u00e1sticos del Arzobispado de M\u00e9rida-Badajoz. Ibersid revista de Sistemas de Informaci\u00f3n y Documentaci\u00f3n. 16 -2, pp. 99 &#8211; 110. Zaragoza, Arag\u00f3n(Espa\u00f1a): Universidad de Zaragoza, 2022.<\/p><p style=\"text-align: left;\"><strong>Art\u00edculo:\u00a0<\/strong>Agust\u00edn Vivas Moreno; Guadalupe P\u00e9rez Ortiz; Sonia L\u00f3pez Ortiz. Identificaci\u00f3n y an\u00e1lisis de series documentales para los estudios art\u00edsticos en los Archivos Eclesi\u00e1sticos. Informatio. 27 &#8211; 2, pp. 23 -59. Montevideo(Uruguay): Universidad de la Rep\u00fablica de Uruguay, 2022<\/p><p style=\"text-align: left;\"><strong>Art\u00edculo:\u00a0<\/strong>Agust\u00edn Vivas Moreno; Guadalupe P\u00e9rez Ortiz; Sonia L\u00f3pez Ortiz. Identificaci\u00f3n y an\u00e1lisis de series documentales para los estudios art\u00edsticos en los Archivos Eclesi\u00e1sticos. Informatio. 27 &#8211; 2, pp. 23 -59. Montevideo(Uruguay): Universidad de la Rep\u00fablica de Uruguay, 2022<\/p><p><strong>Art\u00edculo:\u00a0<\/strong>Agust\u00edn Vivas Moreno; Sonia L\u00f3pez Ortiz; Cecilia Anastasia Cuevas Espino; Guadalupe P\u00e9rez Ortiz. La publicidad en el Noticiero Extreme\u00f1o durante 1924-1926. Pensar la Publicidad. 16 &#8211; 2, pp. 99 &#8211; 123. Madrid, Madrid, Comunidad de(Espa\u00f1a): Universidad Complutense de Madrid, 2022<\/p><p><strong>Art\u00edculo:\u00a0<\/strong>Agust\u00edn Vivas Moreno; La s\u00e1tira pol\u00edtica como mecanismo comunicativo: el ejemplo de la colecci\u00f3n de Papeles Varios del Archivo Hist\u00f3ric de la Universidad de Salamanca. Revista Panamericana de Comunicaci\u00f3n. 4 &#8211; 2, pp.- 156. Ciudad de M\u00e9xico\/Guadalajara(M\u00e9xico): Universidad Panamericana, 2022.\u00a0<\/p><div><strong>Art\u00edculo: J<\/strong>os\u00e9 Luis Valhondo Crego; Agust\u00edn Vivas Moreno. Dramaturgia teatral en el aula universitaria. Salvar la brecha comunicativa a trav\u00e9s de la acci\u00f3n y el trabajo colaborativo en momentos de pandemia. Revista Panamericana de Comunicaci\u00f3n. 3 &#8211; 1, pp. 92 &#8211; 101. Ciudad de M\u00e9xico\/Guadalajara(M\u00e9xico): Universidad Panamericana, 2021.<\/div><p><strong>Art\u00edculo: <\/strong>\u00a0Isabel Mar\u00eda Sanz Caballero; Agust\u00edn Vivas Moreno; Carmen Solano Mac\u00edas. La documentaci\u00f3n de la Direcci\u00f3n General de Regiones Devastadas en el Archivo del Servicio Territorial de Badajoz. Bolet\u00edn de ANABAD. 71 &#8211; 2, pp. 130 &#8211; 165. Madrid, Madrid, Comunidad de(Espa\u00f1a): Asociaci\u00f3n Nacional de Archiveros, Bibliotecarios, Arque\u00f3logos y Documentalistas., 2021.<\/p><p><strong>Art\u00edculo:\u00a0<\/strong>\u00a0Isabel Mar\u00eda Sanz Caballero; Agust\u00edn Vivas Moreno. La documentaci\u00f3n de los proyectos de carreteras en la provincia de Badajoz durante el siglo XIX. Revista General de Informaci\u00f3n y Documentaci\u00f3n. 312, pp. 621 &#8211; 644. Madrid, Madrid, Comunidad de(Espa\u00f1a): Universidad Complutense de Madrid, 2021.<\/p><p><strong>Art\u00edculo:\u00a0<\/strong>\u00a0Agust\u00edn Vivas Moreno; Carmen Solano Mac\u00edas. La ense\u00f1anza femenina de primeras letras a finales del siglo XVIII: el caso de Extremadura seg\u00fan el interrogatorio de la Real Audiencia. Tiempos Modernos. 11 &#8211; 43, pp. 211 &#8211; 228. Asociaci\u00f3n Mundos Modernos, 2021<\/p><p><strong>Art\u00edculo:\u00a0<\/strong>\u00a0Jos\u00e9 Luis Valhondo Crego; Agust\u00edn Vivas Moreno. Lectura cr\u00edtica del relato audiovisual como fuente de informaci\u00f3n en el filme Taxi Driver. Investigaci\u00f3n Bibliotecol\u00f3gica: Archivonom\u00eda, bibliotecolog\u00eda e informaci\u00f3n. 35 &#8211; 87, pp. 171 &#8211; 186. Ciudad de M\u00e9xico(M\u00e9xico): 2021.<\/p><p style=\"text-align: left;\"><strong>Art\u00edculo:\u00a0<\/strong>Macarena Parejo Cu\u00e9llar; Daniel Mart\u00edn Pena; Agust\u00edn Vivas Moreno. Alergia y prehistoria en la prensa escrita espa\u00f1ola. TransInforma\u00e7ao. 32, Sao Paulo(Brasil): Pontificia Universidad Cat\u00f3lica de Campinas, 2020.\u00a0<\/p><p style=\"text-align: left;\"><strong>Art\u00edculo: <\/strong>\u201cAllergy &amp; prehistory in Spanish written press\u201d, Transinforma\u00e7\u00e3o, 32, <a href=\"https:\/\/doi.org\/10.1590\/1678-9865202032e200010\">https:\/\/doi.org\/10.1590\/1678-9865202032e200010<\/a><\/p><p style=\"text-align: left;\"><strong>Art\u00edculo: <\/strong>\u201cHistorical-photographical information system for the study of trades: An example of a technological application for the analysis of photographic documentation\u201d, Revista Panamericana de Comunicaci\u00f3n, 2, 1 (2020) https:\/\/rpc.up.edu.mx\/sistema-de-informacion-historico-fotografico-para-el-estudio-de-los-oficios-ejemplo-de-aplicacion-tecnologica-para-el-analisis-de-la-documentacion-fotografica<\/p><p style=\"text-align: left;\"><strong>Art\u00edculo: <\/strong>\u201cAn\u00e1lisis archiv\u00edstico de los proyectos de construcci\u00f3n de las casas cuartel durante el franquismo: el ejemplo de la provincia de Badajoz (1943-1971)\u201d, Brocar. Cuadernos de Investigaci\u00f3n Hist\u00f3rica, 17,3 (2020)<\/p><p style=\"text-align: left;\"><strong>Art\u00edculo:<\/strong> \u201cIrrupci\u00f3n de radio y divulgaci\u00f3n en el aula para promover las vocaciones cient\u00edficas en primaria\u201d, Revista Eureka sobre Ense\u00f1anza y Divulgaci\u00f3n de las Ciencias, 17, 3 (2020)<\/p><p style=\"text-align: left;\"><strong>Art\u00edculo:<\/strong> \u201cLa documentaci\u00f3n de los proyectos de \u201cObra Sindical\u00a0 del\u00a0 Hogar\u00a0 (OHS)\u201d\u00a0 y\u00a0 \u201cObra\u00a0 Sindical\u00a0 de\u00a0 Educaci\u00f3n\u00a0 y\u00a0 Descanso\u00a0 (EyD)\u201d\u00a0 en\u00a0 la\u00a0 provincia de Badajoz\u201d, Revista General de Informaci\u00f3n y Documentaci\u00f3n, 30, 1 (2020)<\/p><p style=\"text-align: left;\"><strong>Art\u00edculo:<\/strong> \u201cMetodolog\u00eda para la confecci\u00f3n de un Sistema de Informaci\u00f3n Hist\u00f3rico Fotogr\u00e1fico para la Historia Local de Extremadura. El ejemplo de Los Santos de Maimona\u201d, Revista General de Informaci\u00f3n y Documentaci\u00f3n, 29, 1 (2019)<\/p><p style=\"text-align: left;\"><strong>Art\u00edculo:<\/strong> \u201cPresencia del escribano en la Extremadura de finales de la Edad Moderna a trav\u00e9s del interrogatorio de la Real Audiencia\u201d, Anales de Documentaci\u00f3n, 22, 2 (2019<\/p><p style=\"text-align: left;\"><strong>Art\u00edculo:<\/strong> \u201cLos archivos de los Seminarios Conciliares. Testimonio de la labor educativa de la Iglesia\u201d, Bolet\u00edn de la ANABAD, LXVIII,3 (2018)<\/p><p style=\"text-align: left;\"><strong>Art\u00edculo:<\/strong> \u201cLa ense\u00f1anza de Gram\u00e1tica en Espa\u00f1a a finales del S. XVIII: el caso de la provincia de Extremadura\u201d, Stvdia Historica. Historia Moderna, 40, 2 (2018)<\/p><p style=\"text-align: left;\"><strong>Art\u00edculo:<\/strong> \u201cLos archivos y bibliotecas de seminarios: fuentes documentales para el estudio de la historia de la educaci\u00f3n en Espa\u00f1a\u201d, Ibersid: Revista de Sistemas de Informaci\u00f3n y documentaci\u00f3n =Journal of information and documentation systems, 12, 2 (2018)<\/p><p style=\"text-align: left;\"><strong>Art\u00edculo:<\/strong> \u201cLos censos e interrogatorios en Espa\u00f1a como instrumentos de poder en la comunicaci\u00f3n pol\u00edtica (ss. XVI-XVIII)\u201d, Revista Panamericana de Comunicaci\u00f3n; Comunicaci\u00f3n. Leveraging Communications Rersearch, 1, 1 (2018)<\/p><p style=\"text-align: left;\"><strong>Art\u00edculo:<\/strong> \u201cLos archivos eclesi\u00e1sticos como fuente para el estudio de la beneficiencia en Espa\u00f1a\u201d, Ibersid: Revista de Sistemas de Informaci\u00f3n y documentaci\u00f3n =Journal of information and documentation systems, 12, 1 (2018)<\/p><p style=\"text-align: left;\"><strong>Art\u00edculo:<\/strong> \u201cAn\u00e1lisis de las t\u00e9cnicas documentales en las radios universitarias de Espa\u00f1a: Propuesta de Centro de Documentaci\u00f3n\u201d. Palabra Clave, 7, 2 (2018),<\/p><p style=\"text-align: left;\"><strong>Art\u00edculo:<\/strong> \u201cLa divulgaci\u00f3n cient\u00edfica en las emisoras universitarias: la fonoteca del proyecto Semillas de Ciencia\u201d, Revista Mediterr\u00e1nea de Comunicaci\u00f3n. Journal of Communication, 9,1 (2018)<\/p><p style=\"text-align: left;\"><em><strong>Art\u00edculo:<\/strong> Series documentales para el estudio del poder en las universidades hisp\u00e1nicas de los SS. XVI-XVIII\u201d. <\/em>Revista Biblios.\u00a02017<\/p><p style=\"text-align: left;\"><strong>Art\u00edculo:<\/strong>\u00a0<em>La investigaci\u00f3n geneal\u00f3gica en los archivos eclesi\u00e1sticos: fuentes y metodolog\u00eda.<\/em>\u00a0Revista Ibersid.\u00a02017<\/p><p style=\"text-align: left;\"><strong>Art\u00edculo: <\/strong><em>Studio della vita accademica studentesca della monarchia ispanica attraverso le serie documentali degli archivi storici universitari. L\u2019esempio d.ell\u2019archivio universitario di Salamanca.<\/em>\u00a0Revista Annali di storia delle urnivert\u00e0 italiane.\u00a02017<\/p><p style=\"text-align: left;\"><strong>Art\u00edculo:<\/strong><em>\u00a0La secci\u00f3n Secretar\u00eda de los Archivos Hist\u00f3ricos de Seminarios, un referente para estudios de Historia de la Educaci\u00f3n: el ejemplo del Seminario Metropolitano San At\u00f3n de Badajoz.<\/em>\u00a0Revista General de Informaci\u00f3n y Documentaci\u00f3n.\u00a02017<\/p><p style=\"text-align: left;\"><strong>Art\u00edculo:<\/strong>\u00a0<em>Modelo de investigaci\u00f3n para el estudio de las radios universitarias: un elemento clave de la gesti\u00f3n de la informaci\u00f3n y la comunicaci\u00f3n en las universidades.<\/em>\u00a0Revista Estudios sobre el Mensaje\u00a0 Period\u00edstico.\u00a02017<\/p><p style=\"text-align: left;\"><strong>Art\u00edculo:<\/strong>\u00a0<em>Las TIC en las radios universitarias espa\u00f1olas en el periodo 2012-2016.<\/em>\u00a0Revista TransInforma\u00e7ao.\u00a02017<\/p><p style=\"text-align: left;\"><strong>Art\u00edculo:<\/strong>\u00a0<em>La divulgaci\u00f3n cient\u00edfica en las emisoras universitarias: la fonoteca del proyecto \u201cSemillas de Ciencia\u201d.\u00a0<\/em>Revista Mediterr\u00e1nea de Comunicaci\u00f3n.\u00a02017<\/p><p style=\"text-align: left;\"><strong>Art\u00edculo:<\/strong>\u00a0<em>Series documentales para el estudio de la educaci\u00f3n: el ejemplo del Seminario Metropolitano de san At\u00f3n de Badajoz.<\/em>\u00a0Revista Historia de la Educaci\u00f3n 36.\u00a0201<\/p><p style=\"text-align: left;\">\u00a0<\/p><\/div>\n\t\t\t\t\t\t\t\t\t<div class=\"elementor-tab-title elementor-tab-mobile-title\" aria-selected=\"false\" data-tab=\"3\" role=\"tab\" tabindex=\"-1\" aria-controls=\"elementor-tab-content-2663\">Conferencias y cursos<\/div>\n\t\t\t\t\t<div id=\"elementor-tab-content-2663\" class=\"elementor-tab-content elementor-clearfix\" data-tab=\"3\" role=\"tabpanel\" aria-labelledby=\"elementor-tab-title-2663\" tabindex=\"0\" hidden=\"hidden\"><p><strong>Ponencia:<\/strong>&nbsp;\u201cHacia una re-feudalizaci\u00f3n en el r\u00e9gimen de la informaci\u00f3n\u00bb Nombre del congreso: VIII Seminario Internacional CIIBERCID (C\u00edrculo Iberoamericano de Informaci\u00f3n&nbsp;Documental) 2025&nbsp;<\/p>\n<p style=\"text-align: left;\"><strong>Ponencia:<\/strong>&nbsp;\u201cLa reconfiguraci\u00f3n del concepto de tiempo y su efecto en los fundamentos de la Archivolog\u00eda\u00bb Nombre del congreso: VII Seminario Internacional del CIIBERCID (C\u00edrculo Iberoamericano de Informaci\u00f3n Documental). 2024<\/p>\n<p style=\"text-align: left;\"><strong>Ponencia:<\/strong>&nbsp;\u201cEl quehacer docente de la Archiv\u00edstica\u00bb, Primer Seminario Internacional de Investigaci\u00f3n sobre Archiv\u00edstica: contexto y prospectiva del quehacer y desarrollo archiv\u00edstico. (Costa Rica): 2023.&nbsp;<\/p>\n<p><strong>Ponencia:<\/strong>&nbsp;\u201cPatrimonio documental y bibliogr\u00e1fico: fuentes y t\u00e9cnicas de investigaci\u00f3n\u201d, (M\u00e9xico): 2022.<\/p>\n<p><strong>Ponencia:<\/strong>&nbsp;\u201cLa docencia en Archiv\u00edstica\u00bb, Semana del Archivista Nacional. 14-22 de julio de 2022..(Espa\u00f1a):&nbsp;<\/p>\n<p><strong>Ponencia:<\/strong>&nbsp;\u201cla funci\u00f3n de la divulgaci\u00f3n cient\u00edfica para la docencia\u00bb, Semana del Archivista Nacional.14-22 de julio de 2022.<\/p>\n<p><strong>Ponencia:<\/strong>&nbsp;\u201cPresentaci\u00f3n del Proyecto Pre-lego para la docencia universitaria, IV Congreso Red Internacional de Universidades Lectoras. (Espa\u00f1a): 2022<\/p>\n<p><strong>Ponencia:<\/strong>&nbsp;\u201cLa docencia de la Archiv\u00edstica: posibilidades en el \u00e1mbito iberoamericano, Grupo de Expertos Red Iberoamericana de Ense\u00f1anza Archiv\u00edstica Universitaria (G-RIBEAU). Universidad Mayor de San Andr\u00e9s (Bolivia). (Bolivia): 2022<\/p>\n<p><strong>Ponencia:<\/strong>&nbsp;\u201cLeer para que la Universidad realice su misi\u00f3n\u00bb. Nombre del congreso: II Seminario Internacional Interuniversitario de Periodismo Cultural y Lectura.&nbsp;2021<\/p>\n<p style=\"text-align: left;\"><strong>Ponencia:<\/strong>&nbsp;\u201cSerie di documentari per lo studio delle cattedre nelle universit\u00e0 ispaniche dei secoli XVI-XVIII: il modello classico di Salamanca Nombre del congreso: Dixi\u00e8me Atelier H\u00e8loise L\u00b4Europe delle Universit\u00e0: contesti comuni e peculiarit\u00e0 locali attraverso l\u00b4esame delle fonti (origini- XX secolo) 2021<\/p>\n<p style=\"text-align: left;\"><strong>Ponencia:<\/strong>&nbsp;\u201cLa lectura como fin docente\u00bb, III Congreso Internacional de la Red Internacional de Universidades Lectoras. (Espa\u00f1a): 2020.<\/p>\n<p style=\"text-align: left;\"><strong>Ponencia:<\/strong>&nbsp;\u201cTratamiento informativo de las alergias y la prehistoria en la prensa escrita espa\u00f1ola Nombre del congreso: XII Congreso Internacional Latina de Comunicaci\u00f3n Social 2020<\/p>\n<p><strong>Ponencia:<\/strong>&nbsp;\u201cEstetizaci\u00f3n de la Ciencia: c\u00f3mo funciona el storytelling de los mejores documentales cient\u00edficos Nombre del congreso: International Congress on Arts and Cultures. 2020<\/p>\n<p><strong>Ponencia:<\/strong>&nbsp;\u201cLa raz\u00f3n populista en las caricaturas de El Mot\u00edn, revista sat\u00edrica espa\u00f1ola decimon\u00f3nica Nombre del congreso: International Congress on Arts ans Cultures. 2020<\/p>\n<p><strong>Ponencia:<\/strong>&nbsp;\u201cLos ni\u00f1os como sujetos activos de las actividades de ciencia Nombre del congreso: CCSC 19. VII Congreso de Comunicaci\u00f3n Social de la Ciencia. 2020<\/p>\n<p><strong>Ponencia:<\/strong> \u201cLa gesti\u00f3n de la informaci\u00f3n universitaria: de ayer a hoy\u201d. En: Foro sobre las Radios Universitarias en Espa\u00f1a<\/p>\n<p style=\"text-align: left;\"><strong>Ponencia:<\/strong> \u201cEstudio de tres momentos: el contexto hist\u00f3rico cultural de la naturaleza archiv\u00edstica\u201d. En: XIII Seminario Hispano-Mexicano de Investigaci\u00f3n en Biblioteconom\u00eda y Documentaci\u00f3n: Uso \u00e9tico de la informaci\u00f3n: implicaciones y desaf\u00edos.<\/p>\n<p style=\"text-align: left;\"><strong>Ponencia:<\/strong> \u201cLa integraci\u00f3n del alumnado de Comunicaci\u00f3n y Documentaci\u00f3n en la estrategia del Gabinete de Informaci\u00f3n y Comunicaci\u00f3n de la UEx\u201d. En: II Congresso Internacional de Medios Universit\u00e1rio<\/p>\n<p style=\"text-align: left;\"><strong>Ponencia:<\/strong> \u201cLa radio como transmisor de la divulgaci\u00f3n cient\u00edfica universitaria\u201d. En: XIV Congreso de la Asociaci\u00f3n Latinoamericana de Investigadores de la Comunicaci\u00f3n: Comunicaci\u00f3n en sociedades diversas. Horizontes de inclusi\u00f3n, equidad y democracia.<\/p>\n<p style=\"text-align: left;\"><strong>Ponencia:<\/strong> \u201cVerdad y funci\u00f3n de la Universidad\u201d. En: XV Seminario Hispano-mexicano de Investigaci\u00f3n en Biblioteconom\u00eda y Documentaci\u00f3n. \u201cVerdad y falsedad de la informaci\u00f3n\u201d<\/p>\n<p style=\"text-align: left;\"><strong>Ponencia:<\/strong> \u00ab<em>Lecturas formativas de seminaristas: fuentes en el Archivo del Seminario metropolitano de San At\u00f3n de Badajoz<\/em>\u201d; \u201c<em>El podscasting como herramienta para el fomento de la lectura<\/em>\u201d; \u201c<em>La presencia del documento archiv\u00edstico en el gui\u00f3n cinematogr\u00e1fico<\/em>\u201d; \u201c<em>Apuntes biogr\u00e1ficos sobre Bartolom\u00e9 Jos\u00e9 gallardo<\/em>\u201d y \u201c<em>La cultura escrita en campanario a trav\u00e9s del Interrogatorio de la Real Audiencia de Extremadura<\/em>\u201d en XIV Seminario Hispano-mexicano de Investigaci\u00f3n en Biblioteconom\u00eda y Documentaci\u00f3n. Conocimientos sin fronteras: colaboraci\u00f3n cient\u00edfica e institucional en Documentaci\u00f3n e Informaci\u00f3n.<\/p>\n<p style=\"text-align: left;\"><strong>Ponencia:<\/strong>&nbsp;<em>\u201cLa Ventana de la Ciencia, un proyecto de divulgaci\u00f3n cient\u00edfica en la c\u00e1rcel<\/em>\u201d y \u201c<em>Ondas Universitarias al servicio de la comunicaci\u00f3n cient\u00edfica: Semillas de Ciencia<\/em>\u201d en VI Congreso de Comunicaci\u00f3n Social de la Ciencia.<\/p>\n<p style=\"text-align: left;\"><strong>Ponencia:<\/strong>&nbsp;\u201c<em>Radio y Tv universitarias: la problem\u00e1tica de los derechos de autor<\/em>\u201d en Jornada sobre Derechos de Autor y Acceso a la informaci\u00f3n en la era digital.<\/p>\n<p style=\"text-align: left;\"><strong>Ponencia:<\/strong>&nbsp;\u201c<em>El proyecto de divulgaci\u00f3n cient\u00edfica iberoamericano: Semillas de Ciencia<\/em>\u201d en IV Encuentro de RRULAC.<\/p>\n<p style=\"text-align: left;\"><strong>Ponencia:<\/strong>&nbsp;&nbsp;\u201c<em>Historia y Patrimonio. Contribuciones del grupo de Investigaci\u00f3n a la lectura a trav\u00e9s del paisaje<\/em>\u201d y \u201c<em>El podscasting como herramienta para el fomento de los paisajes<\/em>\u201d en Primer Seminario Internacional Narrativas del paisaje.<\/p>\n<p style=\"text-align: left;\"><strong>Ponencia:<\/strong>&nbsp;&nbsp;\u201c<em>La Presencia del documento archiv\u00edstico en el gui\u00f3n cinematogr\u00e1fico<\/em>\u201d y \u201c<em>El Podcasting como herramienta para el fomento de la lectura<\/em>\u201d en XII Seminario Hispano Mexicano de Investigaci\u00f3n en Biblioteconom\u00eda y Documentaci\u00f3n.<\/p>\n<p style=\"text-align: left;\"><strong>Ponencia:<\/strong>&nbsp;\u00ab<em>Hacia la conformaci\u00f3n de una contra agenda medi\u00e1tica<\/em>\u00bb&nbsp;en IV encuentro de Radios Universitarias en Marcha. Organizada por el grupo de investigaci\u00f3n ARDOPA.<\/p>\n<p style=\"text-align: left;\"><strong>Ponencia:<\/strong>&nbsp;\u201c<em>Los archivos eclesi\u00e1sticos como fuentes para el estudio de la beneficencia en Espa\u00f1a: el ejemplo de los archivos de seminarios<\/em>\u201d en XXXII Encuentros Internacionales sobre Sistemas de Informaci\u00f3n y Documentaci\u00f3n.<\/p><\/div>\n\t\t\t\t\t\t\t\t\t<div class=\"elementor-tab-title elementor-tab-mobile-title\" aria-selected=\"false\" data-tab=\"4\" role=\"tab\" tabindex=\"-1\" aria-controls=\"elementor-tab-content-2664\">Premios<\/div>\n\t\t\t\t\t<div id=\"elementor-tab-content-2664\" class=\"elementor-tab-content elementor-clearfix\" data-tab=\"4\" role=\"tabpanel\" aria-labelledby=\"elementor-tab-title-2664\" tabindex=\"0\" hidden=\"hidden\"><p>Tesis doctoral con Premio Extraordinario sobre el Archivo Hist\u00f3rico de la Universidad de Salamanca.&nbsp;1998<\/p>\n<p>Premios Proyecto Semillas de Ciencia. 2016<\/p>\n<p>Premio Ciencia en Acci\u00f3n \u201cMenci\u00f3n de Honor\u201d para proyecto \u201cRatones de Laboratorio\u201d. 2016<\/p>\n<p>Premio Ciencia en Acci\u00f3n \u201cMenci\u00f3n de Honor\u201d para proyecto \u201cDesayuna con la ciencia\u201d. 2017<\/p>\n<p>Premio Ciencia en Acci\u00f3n \u201cMenci\u00f3n de Honor\u201d para proyecto \u201cLa ventana de la ciencia\u201d. 2017<\/p>\n<p>Premio de Excelencia Docente. Universidad de Extremadura. 2021<\/p>\n<p>Durante el sexenio 2020-2025, he sido evaluado muy positivamente por el Programa Docentia, habiendo obtenido en todas las ocasiones la acreditaci\u00f3n como Profesor Destacado y habiendo obtenido el Premio de Excelencia Docente por la Universidad de Extremadura.<\/p><\/div>\n\t\t\t\t\t\t\t<\/div>\n\t\t<\/div>\n\t\t\t\t<\/div>\n\t\t\t\t<\/div>\n\t\t\t\t\t<\/div>\n\t\t<\/div>\n\t\t\t\t<div class=\"elementor-column elementor-col-50 elementor-top-column elementor-element elementor-element-bbae831\" data-id=\"bbae831\" data-element_type=\"column\">\n\t\t\t<div class=\"elementor-widget-wrap elementor-element-populated\">\n\t\t\t\t\t\t\t\t<div class=\"elementor-element elementor-element-1b540e1 elementor-widget elementor-widget-spacer\" data-id=\"1b540e1\" data-element_type=\"widget\" data-widget_type=\"spacer.default\">\n\t\t\t\t<div class=\"elementor-widget-container\">\n\t\t\t\t\t<div class=\"elementor-spacer\">\n\t\t\t<div class=\"elementor-spacer-inner\"><\/div>\n\t\t<\/div>\n\t\t\t\t<\/div>\n\t\t\t\t<\/div>\n\t\t\t\t<div class=\"elementor-element elementor-element-73fac65 elementor-widget elementor-widget-spacer\" data-id=\"73fac65\" data-element_type=\"widget\" data-widget_type=\"spacer.default\">\n\t\t\t\t<div class=\"elementor-widget-container\">\n\t\t\t\t\t<div class=\"elementor-spacer\">\n\t\t\t<div class=\"elementor-spacer-inner\"><\/div>\n\t\t<\/div>\n\t\t\t\t<\/div>\n\t\t\t\t<\/div>\n\t\t\t\t<div class=\"elementor-element elementor-element-ce17d62 elementor-widget elementor-widget-image\" data-id=\"ce17d62\" data-element_type=\"widget\" data-widget_type=\"image.default\">\n\t\t\t\t<div class=\"elementor-widget-container\">\n\t\t\t\t\t<div class=\"elementor-image\">\n\t\t\t\t\t\t\t\t\t\t<img width=\"640\" height=\"1024\" src=\"http:\/\/ardopa.unex.es\/wordpress\/wp-content\/uploads\/2018\/02\/Agustin-bio-640x1024.jpg\" class=\"attachment-large size-large\" alt=\"\" loading=\"lazy\" srcset=\"http:\/\/ardopa.unex.es\/wordpress\/wp-content\/uploads\/2018\/02\/Agustin-bio-640x1024.jpg 640w, http:\/\/ardopa.unex.es\/wordpress\/wp-content\/uploads\/2018\/02\/Agustin-bio-187x300.jpg 187w, http:\/\/ardopa.unex.es\/wordpress\/wp-content\/uploads\/2018\/02\/Agustin-bio-768x1229.jpg 768w, http:\/\/ardopa.unex.es\/wordpress\/wp-content\/uploads\/2018\/02\/Agustin-bio-e1520249660518.jpg 1148w\" sizes=\"(max-width: 640px) 100vw, 640px\" \/>\t\t\t\t\t\t\t\t\t\t\t<\/div>\n\t\t\t\t<\/div>\n\t\t\t\t<\/div>\n\t\t\t\t<div class=\"elementor-element elementor-element-cc1cf6e elementor-widget-divider--view-line elementor-widget elementor-widget-divider\" data-id=\"cc1cf6e\" data-element_type=\"widget\" data-widget_type=\"divider.default\">\n\t\t\t\t<div class=\"elementor-widget-container\">\n\t\t\t\t\t<div class=\"elementor-divider\">\n\t\t\t<span class=\"elementor-divider-separator\">\n\t\t\t\t\t\t<\/span>\n\t\t<\/div>\n\t\t\t\t<\/div>\n\t\t\t\t<\/div>\n\t\t\t\t<div class=\"elementor-element elementor-element-4a3fab3 elementor-widget elementor-widget-spacer\" data-id=\"4a3fab3\" data-element_type=\"widget\" data-widget_type=\"spacer.default\">\n\t\t\t\t<div class=\"elementor-widget-container\">\n\t\t\t\t\t<div class=\"elementor-spacer\">\n\t\t\t<div class=\"elementor-spacer-inner\"><\/div>\n\t\t<\/div>\n\t\t\t\t<\/div>\n\t\t\t\t<\/div>\n\t\t\t\t<div class=\"elementor-element elementor-element-6e271b6 elementor-widget elementor-widget-text-editor\" data-id=\"6e271b6\" data-element_type=\"widget\" data-widget_type=\"text-editor.default\">\n\t\t\t\t<div class=\"elementor-widget-container\">\n\t\t\t\t\t<div class=\"elementor-text-editor elementor-clearfix\"><p style=\"text-align: center;\"><strong>CATEDR\u00c1TICO DE UNIVERSIDAD<\/strong><br \/>Nombre cient\u00edfico:\u00a0VIVAS, A.<\/p><\/div>\n\t\t\t\t<\/div>\n\t\t\t\t<\/div>\n\t\t\t\t<div class=\"elementor-element elementor-element-368393a elementor-widget elementor-widget-spacer\" data-id=\"368393a\" data-element_type=\"widget\" data-widget_type=\"spacer.default\">\n\t\t\t\t<div class=\"elementor-widget-container\">\n\t\t\t\t\t<div class=\"elementor-spacer\">\n\t\t\t<div class=\"elementor-spacer-inner\"><\/div>\n\t\t<\/div>\n\t\t\t\t<\/div>\n\t\t\t\t<\/div>\n\t\t\t\t<div class=\"elementor-element elementor-element-1260348 elementor-shape-circle elementor-grid-0 e-grid-align-center elementor-widget elementor-widget-social-icons\" data-id=\"1260348\" data-element_type=\"widget\" data-widget_type=\"social-icons.default\">\n\t\t\t\t<div class=\"elementor-widget-container\">\n\t\t\t\t\t<div class=\"elementor-social-icons-wrapper elementor-grid\">\n\t\t\t\t\t\t\t<div class=\"elementor-grid-item\">\n\t\t\t\t\t<a class=\"elementor-icon elementor-social-icon elementor-social-icon-envelope elementor-repeater-item-892b021\" rel=\"nofollow\">\n\t\t\t\t\t\t<span class=\"elementor-screen-only\">Envelope<\/span>\n\t\t\t\t\t\t\t\t\t\t\t\t\t<i class=\"fa fa-envelope\"><\/i>\n\t\t\t\t\t\t\t\t\t\t\t<\/a>\n\t\t\t\t<\/div>\n\t\t\t\t\t<\/div>\n\t\t\t\t<\/div>\n\t\t\t\t<\/div>\n\t\t\t\t<div class=\"elementor-element elementor-element-4977011a elementor-widget elementor-widget-text-editor\" data-id=\"4977011a\" data-element_type=\"widget\" data-widget_type=\"text-editor.default\">\n\t\t\t\t<div class=\"elementor-widget-container\">\n\t\t\t\t\t<div class=\"elementor-text-editor elementor-clearfix\"><p style=\"text-align: center;\"><strong>aguvivas@unex.es<\/strong><\/p><\/div>\n\t\t\t\t<\/div>\n\t\t\t\t<\/div>\n\t\t\t\t\t<\/div>\n\t\t<\/div>\n\t\t\t\t\t\t\t<\/div>\n\t\t<\/section>\n\t\t\t\t<section class=\"elementor-section elementor-top-section elementor-element elementor-element-7783cce elementor-section-boxed elementor-section-height-default elementor-section-height-default\" data-id=\"7783cce\" data-element_type=\"section\">\n\t\t\t\t\t\t<div class=\"elementor-container elementor-column-gap-default\">\n\t\t\t\t\t<div class=\"elementor-column elementor-col-50 elementor-top-column elementor-element elementor-element-b804a54\" data-id=\"b804a54\" data-element_type=\"column\">\n\t\t\t<div class=\"elementor-widget-wrap\">\n\t\t\t\t\t\t\t\t\t<\/div>\n\t\t<\/div>\n\t\t\t\t<div class=\"elementor-column elementor-col-50 elementor-top-column elementor-element elementor-element-623b324\" data-id=\"623b324\" data-element_type=\"column\">\n\t\t\t<div class=\"elementor-widget-wrap\">\n\t\t\t\t\t\t\t\t\t<\/div>\n\t\t<\/div>\n\t\t\t\t\t\t\t<\/div>\n\t\t<\/section>\n\t\t\t\t\t\t<\/div>\n\t\t\t\t\t<\/div>\n\t\t","protected":false},"excerpt":{"rendered":"<p>AGUST\u00cdN VIVAS MORENO Investigador Principal CV Publicaciones Conferencias y cursos Premios CV Catedr\u00e1tico de Universidad en el \u00c1rea de Biblioteconom\u00eda y Documentaci\u00f3n en la Universidad de Extremadura.\u00a0 Miembro titular de la Comisi\u00f3n de Archivo y Gesti\u00f3n documental del Archivo de la Universidad de Extremadura desde 2016. Miembro del comit\u00e9 organizador del Congreso Internacional Eduaction Madrid [&hellip;]<\/p>\n","protected":false},"author":2,"featured_media":0,"parent":14,"menu_order":0,"comment_status":"closed","ping_status":"closed","template":"","meta":[],"_links":{"self":[{"href":"http:\/\/ardopa.unex.es\/wordpress\/wp-json\/wp\/v2\/pages\/94"}],"collection":[{"href":"http:\/\/ardopa.unex.es\/wordpress\/wp-json\/wp\/v2\/pages"}],"about":[{"href":"http:\/\/ardopa.unex.es\/wordpress\/wp-json\/wp\/v2\/types\/page"}],"author":[{"embeddable":true,"href":"http:\/\/ardopa.unex.es\/wordpress\/wp-json\/wp\/v2\/users\/2"}],"replies":[{"embeddable":true,"href":"http:\/\/ardopa.unex.es\/wordpress\/wp-json\/wp\/v2\/comments?post=94"}],"version-history":[{"count":491,"href":"http:\/\/ardopa.unex.es\/wordpress\/wp-json\/wp\/v2\/pages\/94\/revisions"}],"predecessor-version":[{"id":3783,"href":"http:\/\/ardopa.unex.es\/wordpress\/wp-json\/wp\/v2\/pages\/94\/revisions\/3783"}],"up":[{"embeddable":true,"href":"http:\/\/ardopa.unex.es\/wordpress\/wp-json\/wp\/v2\/pages\/14"}],"wp:attachment":[{"href":"http:\/\/ardopa.unex.es\/wordpress\/wp-json\/wp\/v2\/media?parent=94"}],"curies":[{"name":"wp","href":"https:\/\/api.w.org\/{rel}","templated":true}]}}